{"id":1318,"date":"2021-09-17T11:54:09","date_gmt":"2021-09-17T09:54:09","guid":{"rendered":"http:\/\/cfto.it\/2022\/?page_id=1318"},"modified":"2021-12-07T11:30:11","modified_gmt":"2021-12-07T10:30:11","slug":"disabili","status":"publish","type":"page","link":"http:\/\/cfto.it\/2022\/trattamenti-osteopatici\/disabili\/","title":{"rendered":"Trattamenti osteopatici per disabili"},"content":{"rendered":"\t\t<div data-elementor-type=\"wp-page\" data-elementor-id=\"1318\" class=\"elementor elementor-1318\" data-elementor-settings=\"[]\">\n\t\t\t\t\t\t\t<div class=\"elementor-section-wrap\">\n\t\t\t\t\t\t\t<section class=\"elementor-section elementor-top-section elementor-element elementor-element-80b38e9 elementor-section-boxed elementor-section-height-default elementor-section-height-default\" data-id=\"80b38e9\" data-element_type=\"section\" data-settings=\"{&quot;background_background&quot;:&quot;classic&quot;}\">\n\t\t\t\t\t\t<div class=\"elementor-container elementor-column-gap-default\">\n\t\t\t\t\t<div class=\"elementor-column elementor-col-100 elementor-top-column elementor-element elementor-element-1effef5\" data-id=\"1effef5\" data-element_type=\"column\">\n\t\t\t<div class=\"elementor-widget-wrap elementor-element-populated\">\n\t\t\t\t\t\t\t\t<div class=\"elementor-element elementor-element-158809b elementor-widget elementor-widget-image\" data-id=\"158809b\" data-element_type=\"widget\" data-widget_type=\"image.default\">\n\t\t\t\t<div class=\"elementor-widget-container\">\n\t\t\t\t\t\t\t\t\t\t\t\t\t\t\t<img loading=\"lazy\" decoding=\"async\" width=\"1024\" height=\"384\" src=\"http:\/\/cfto.it\/2022\/wp-content\/uploads\/2021\/11\/osteopatia-per-disabili-cfto-1024x384.jpg\" class=\"attachment-large size-large\" alt=\"\" srcset=\"http:\/\/cfto.it\/2022\/wp-content\/uploads\/2021\/11\/osteopatia-per-disabili-cfto-1024x384.jpg 1024w, http:\/\/cfto.it\/2022\/wp-content\/uploads\/2021\/11\/osteopatia-per-disabili-cfto-300x112.jpg 300w, http:\/\/cfto.it\/2022\/wp-content\/uploads\/2021\/11\/osteopatia-per-disabili-cfto-768x288.jpg 768w, http:\/\/cfto.it\/2022\/wp-content\/uploads\/2021\/11\/osteopatia-per-disabili-cfto.jpg 1335w\" sizes=\"auto, (max-width: 1024px) 100vw, 1024px\" \/>\t\t\t\t\t\t\t\t\t\t\t\t\t\t\t<\/div>\n\t\t\t\t<\/div>\n\t\t\t\t\t<\/div>\n\t\t<\/div>\n\t\t\t\t\t\t\t<\/div>\n\t\t<\/section>\n\t\t\t\t<section class=\"elementor-section elementor-top-section elementor-element elementor-element-f20f114 elementor-section-boxed elementor-section-height-default elementor-section-height-default\" data-id=\"f20f114\" data-element_type=\"section\">\n\t\t\t\t\t\t<div class=\"elementor-container elementor-column-gap-default\">\n\t\t\t\t\t<div class=\"elementor-column elementor-col-66 elementor-top-column elementor-element elementor-element-4767c2b\" data-id=\"4767c2b\" data-element_type=\"column\">\n\t\t\t<div class=\"elementor-widget-wrap elementor-element-populated\">\n\t\t\t\t\t\t\t\t<div class=\"elementor-element elementor-element-b4441a6 elementor-widget elementor-widget-heading\" data-id=\"b4441a6\" data-element_type=\"widget\" data-widget_type=\"heading.default\">\n\t\t\t\t<div class=\"elementor-widget-container\">\n\t\t\t<h1 class=\"elementor-heading-title elementor-size-default\">Trattamenti osteopatici per persone diversamente abili<\/h1>\t\t<\/div>\n\t\t\t\t<\/div>\n\t\t\t\t<div class=\"elementor-element elementor-element-1ffb863 elementor-widget elementor-widget-text-editor\" data-id=\"1ffb863\" data-element_type=\"widget\" data-widget_type=\"text-editor.default\">\n\t\t\t\t<div class=\"elementor-widget-container\">\n\t\t\t\t\t\t\t<p>L&#8217;osteopatia \u00e8 una pratica manuale che si focalizza sul paziente. Dunque, ogni trattamento viene definito sulla persona e sulle sue esigenze. Proprio per questo motivo, i trattamenti osteopatici sono particolarmente indicati per le persone diversamente abili. In particolare per tutti coloro che sono interessati da disabilit\u00e0 motoria di tipo transitorio o permanente.\u00a0<\/p><p>In questi contesti, infatti, i trattamenti osteopatici si sono rivelati un ottimo aiuto in quanto sono capaci di migliorare la funzione respiratoria, l\u2019attivit\u00e0 gastroenterica e la percezione del dolore.\u00a0<\/p><p>Inoltre, se inserita all&#8217;interno di un programma riabilitativo multidisciplinare personalizzato, l&#8217;osteopatia pu\u00f2 concorrere al recupero o al rafforzamento delle abilit\u00e0 residue. Dunque, i trattamenti osteopatici possono incidere positivamente sulla qualit\u00e0 della vita delle persone disabili.<\/p>\t\t\t\t\t\t<\/div>\n\t\t\t\t<\/div>\n\t\t\t\t<div class=\"elementor-element elementor-element-273c474 elementor-align-center elementor-widget elementor-widget-button\" data-id=\"273c474\" data-element_type=\"widget\" data-widget_type=\"button.default\">\n\t\t\t\t<div class=\"elementor-widget-container\">\n\t\t\t\t\t<div class=\"elementor-button-wrapper\">\n\t\t\t<a href=\"#elementor-action%3Aaction%3Dpopup%3Aopen%26settings%3DeyJpZCI6IjI4OSIsInRvZ2dsZSI6ZmFsc2V9\" class=\"elementor-button-link elementor-button elementor-size-sm\" role=\"button\">\n\t\t\t\t\t\t<span class=\"elementor-button-content-wrapper\">\n\t\t\t\t\t\t<span class=\"elementor-button-text\">Prenota una visita presso CFTO<\/span>\n\t\t<\/span>\n\t\t\t\t\t<\/a>\n\t\t<\/div>\n\t\t\t\t<\/div>\n\t\t\t\t<\/div>\n\t\t\t\t<div class=\"elementor-element elementor-element-ddcb4cd elementor-widget elementor-widget-image\" data-id=\"ddcb4cd\" data-element_type=\"widget\" data-widget_type=\"image.default\">\n\t\t\t\t<div class=\"elementor-widget-container\">\n\t\t\t\t\t\t\t\t\t\t\t\t\t\t\t<img loading=\"lazy\" decoding=\"async\" width=\"900\" height=\"600\" src=\"http:\/\/cfto.it\/2022\/wp-content\/uploads\/2021\/11\/osteopatia-per-persone-diversamente-abili.jpg\" class=\"attachment-large size-large\" alt=\"\" srcset=\"http:\/\/cfto.it\/2022\/wp-content\/uploads\/2021\/11\/osteopatia-per-persone-diversamente-abili.jpg 900w, http:\/\/cfto.it\/2022\/wp-content\/uploads\/2021\/11\/osteopatia-per-persone-diversamente-abili-300x200.jpg 300w, http:\/\/cfto.it\/2022\/wp-content\/uploads\/2021\/11\/osteopatia-per-persone-diversamente-abili-768x512.jpg 768w\" sizes=\"auto, (max-width: 900px) 100vw, 900px\" \/>\t\t\t\t\t\t\t\t\t\t\t\t\t\t\t<\/div>\n\t\t\t\t<\/div>\n\t\t\t\t<div class=\"elementor-element elementor-element-c343282 elementor-widget elementor-widget-heading\" data-id=\"c343282\" data-element_type=\"widget\" data-widget_type=\"heading.default\">\n\t\t\t\t<div class=\"elementor-widget-container\">\n\t\t\t<h2 class=\"elementor-heading-title elementor-size-default\">CFTO e Fondazione CLS Saronno<\/h2>\t\t<\/div>\n\t\t\t\t<\/div>\n\t\t\t\t<div class=\"elementor-element elementor-element-b746239 elementor-widget elementor-widget-text-editor\" data-id=\"b746239\" data-element_type=\"widget\" data-widget_type=\"text-editor.default\">\n\t\t\t\t<div class=\"elementor-widget-container\">\n\t\t\t\t\t\t\t<p>Il Centro di Formazione e Tirocinio Osteopatico \u00e8 particolarmente sensibile alla tematica della disabilit\u00e0 e collabora da anni con la Fondazione CLS di Saronno, organizzazione molto nota, perch\u00e9 \u00e8 fra le poche realt\u00e0 no-profit a dare un\u2019occupazione ai disabili.<\/p>\t\t\t\t\t\t<\/div>\n\t\t\t\t<\/div>\n\t\t\t\t<div class=\"elementor-element elementor-element-0b6ef96 elementor-align-center elementor-widget elementor-widget-button\" data-id=\"0b6ef96\" data-element_type=\"widget\" data-widget_type=\"button.default\">\n\t\t\t\t<div class=\"elementor-widget-container\">\n\t\t\t\t\t<div class=\"elementor-button-wrapper\">\n\t\t\t<a href=\"http:\/\/cfto.it\/2022\/osteopatia-per-il-sociale-un-successo-la-ii-giornata-di-beneficenza-al-cfto\/\" class=\"elementor-button-link elementor-button elementor-size-sm\" role=\"button\">\n\t\t\t\t\t\t<span class=\"elementor-button-content-wrapper\">\n\t\t\t\t\t\t<span class=\"elementor-button-text\">Scopri il nostro impegno per il sociale<\/span>\n\t\t<\/span>\n\t\t\t\t\t<\/a>\n\t\t<\/div>\n\t\t\t\t<\/div>\n\t\t\t\t<\/div>\n\t\t\t\t\t<\/div>\n\t\t<\/div>\n\t\t\t\t<div class=\"elementor-column elementor-col-33 elementor-top-column elementor-element elementor-element-d32bfb1\" data-id=\"d32bfb1\" data-element_type=\"column\">\n\t\t\t<div class=\"elementor-widget-wrap elementor-element-populated\">\n\t\t\t\t\t\t\t\t<div class=\"elementor-element elementor-element-2f0fd89 elementor-toc--content-ellipsis elementor-widget elementor-widget-table-of-contents\" data-id=\"2f0fd89\" data-element_type=\"widget\" data-settings=\"{&quot;headings_by_tags&quot;:[&quot;h1&quot;,&quot;h2&quot;,&quot;h3&quot;],&quot;exclude_headings_by_selector&quot;:[],&quot;marker_view&quot;:&quot;bullets&quot;,&quot;icon&quot;:{&quot;value&quot;:&quot;fas fa-circle&quot;,&quot;library&quot;:&quot;fa-solid&quot;},&quot;min_height&quot;:{&quot;unit&quot;:&quot;px&quot;,&quot;size&quot;:&quot;&quot;,&quot;sizes&quot;:[]},&quot;min_height_tablet&quot;:{&quot;unit&quot;:&quot;px&quot;,&quot;size&quot;:&quot;&quot;,&quot;sizes&quot;:[]},&quot;min_height_mobile&quot;:{&quot;unit&quot;:&quot;px&quot;,&quot;size&quot;:&quot;&quot;,&quot;sizes&quot;:[]}}\" data-widget_type=\"table-of-contents.default\">\n\t\t\t\t<div class=\"elementor-widget-container\">\n\t\t\t\t\t<div class=\"elementor-toc__header\">\n\t\t\t<h3 class=\"elementor-toc__header-title\">\n\t\t\t\tIn questa pagina trovi...\t\t\t<\/h3>\n\t\t\t\t\t<\/div>\n\t\t<div class=\"elementor-toc__body\">\n\t\t\t<div class=\"elementor-toc__spinner-container\">\n\t\t\t\t<i class=\"elementor-toc__spinner eicon-animation-spin eicon-loading\" aria-hidden=\"true\"><\/i>\t\t\t<\/div>\n\t\t<\/div>\n\t\t\t\t<\/div>\n\t\t\t\t<\/div>\n\t\t\t\t\t<\/div>\n\t\t<\/div>\n\t\t\t\t\t\t\t<\/div>\n\t\t<\/section>\n\t\t\t\t\t\t<\/div>\n\t\t\t\t\t<\/div>\n\t\t","protected":false},"excerpt":{"rendered":"<p>Trattamenti osteopatici per persone diversamente abili L&#8217;osteopatia \u00e8 una pratica manuale che si focalizza sul paziente. Dunque, ogni trattamento viene definito sulla persona e sulle sue esigenze. Proprio per questo motivo, i trattamenti osteopatici sono particolarmente indicati per le persone diversamente abili. In particolare per tutti coloro che sono interessati da disabilit\u00e0 motoria di tipo &hellip;<\/p>\n<p class=\"read-more\"> <a class=\"\" href=\"http:\/\/cfto.it\/2022\/trattamenti-osteopatici\/disabili\/\"> <span class=\"screen-reader-text\">Trattamenti osteopatici per disabili<\/span> Leggi altro &raquo;<\/a><\/p>\n","protected":false},"author":1,"featured_media":0,"parent":43,"menu_order":0,"comment_status":"closed","ping_status":"closed","template":"","meta":{"site-sidebar-layout":"no-sidebar","site-content-layout":"page-builder","ast-main-header-display":"","ast-hfb-above-header-display":"","ast-hfb-below-header-display":"","ast-hfb-mobile-header-display":"","site-post-title":"disabled","ast-breadcrumbs-content":"","ast-featured-img":"disabled","footer-sml-layout":"","theme-transparent-header-meta":"default","adv-header-id-meta":"","stick-header-meta":"","header-above-stick-meta":"","header-main-stick-meta":"","header-below-stick-meta":"","footnotes":""},"class_list":["post-1318","page","type-page","status-publish","hentry"],"acf":[],"yoast_head":"<!-- This site is optimized with the Yoast SEO plugin v17.8 - https:\/\/yoast.com\/wordpress\/plugins\/seo\/ -->\n<title>Trattamenti osteopatici per disabili - CFTO<\/title>\n<meta name=\"description\" content=\"CFTO offre trattamenti osteopatici rivolti a persone affette da disabilit\u00e0 motoria, permanente o transitoria. Contatta il Centro per maggiori informazioni.\" \/>\n<meta name=\"robots\" content=\"index, follow, max-snippet:-1, max-image-preview:large, max-video-preview:-1\" \/>\n<link rel=\"canonical\" href=\"https:\/\/cfto.it\/2022\/trattamenti-osteopatici\/disabili\/\" \/>\n<meta property=\"og:locale\" content=\"it_IT\" \/>\n<meta property=\"og:type\" content=\"article\" \/>\n<meta property=\"og:title\" content=\"Trattamenti osteopatici per disabili - CFTO\" \/>\n<meta property=\"og:description\" content=\"CFTO offre trattamenti osteopatici rivolti a persone affette da disabilit\u00e0 motoria, permanente o transitoria. Contatta il Centro per maggiori informazioni.\" \/>\n<meta property=\"og:url\" content=\"https:\/\/cfto.it\/2022\/trattamenti-osteopatici\/disabili\/\" \/>\n<meta property=\"og:site_name\" content=\"CFTO\" \/>\n<meta property=\"article:modified_time\" content=\"2021-12-07T10:30:11+00:00\" \/>\n<meta property=\"og:image\" content=\"http:\/\/cfto.it\/2022\/wp-content\/uploads\/2021\/11\/osteopatia-per-disabili-cfto-1024x384.jpg\" \/>\n<meta name=\"twitter:card\" content=\"summary_large_image\" \/>\n<meta name=\"twitter:label1\" content=\"Tempo di lettura stimato\" \/>\n\t<meta name=\"twitter:data1\" content=\"2 minuti\" \/>\n<script type=\"application\/ld+json\" class=\"yoast-schema-graph\">{\"@context\":\"https:\/\/schema.org\",\"@graph\":[{\"@type\":\"Organization\",\"@id\":\"http:\/\/cfto.it\/2022\/#organization\",\"name\":\"CFTO - Centro di Formazione e Tirocinio Osteopatico\",\"url\":\"http:\/\/cfto.it\/2022\/\",\"sameAs\":[],\"logo\":{\"@type\":\"ImageObject\",\"@id\":\"http:\/\/cfto.it\/2022\/#logo\",\"inLanguage\":\"it-IT\",\"url\":\"http:\/\/cfto.it\/2022\/wp-content\/uploads\/2021\/07\/centro-formazione-tirocinio-osteopatico.png\",\"contentUrl\":\"http:\/\/cfto.it\/2022\/wp-content\/uploads\/2021\/07\/centro-formazione-tirocinio-osteopatico.png\",\"width\":676,\"height\":297,\"caption\":\"CFTO - Centro di Formazione e Tirocinio Osteopatico\"},\"image\":{\"@id\":\"http:\/\/cfto.it\/2022\/#logo\"}},{\"@type\":\"WebSite\",\"@id\":\"http:\/\/cfto.it\/2022\/#website\",\"url\":\"http:\/\/cfto.it\/2022\/\",\"name\":\"CFTO\",\"description\":\"Centro Formativo Tirocinio Osteopatico\",\"publisher\":{\"@id\":\"http:\/\/cfto.it\/2022\/#organization\"},\"potentialAction\":[{\"@type\":\"SearchAction\",\"target\":{\"@type\":\"EntryPoint\",\"urlTemplate\":\"http:\/\/cfto.it\/2022\/?s={search_term_string}\"},\"query-input\":\"required name=search_term_string\"}],\"inLanguage\":\"it-IT\"},{\"@type\":\"ImageObject\",\"@id\":\"https:\/\/cfto.it\/2022\/trattamenti-osteopatici\/disabili\/#primaryimage\",\"inLanguage\":\"it-IT\",\"url\":\"http:\/\/cfto.it\/2022\/wp-content\/uploads\/2021\/11\/osteopatia-per-disabili-cfto.jpg\",\"contentUrl\":\"http:\/\/cfto.it\/2022\/wp-content\/uploads\/2021\/11\/osteopatia-per-disabili-cfto.jpg\",\"width\":1335,\"height\":500},{\"@type\":\"WebPage\",\"@id\":\"https:\/\/cfto.it\/2022\/trattamenti-osteopatici\/disabili\/#webpage\",\"url\":\"https:\/\/cfto.it\/2022\/trattamenti-osteopatici\/disabili\/\",\"name\":\"Trattamenti osteopatici per disabili - CFTO\",\"isPartOf\":{\"@id\":\"http:\/\/cfto.it\/2022\/#website\"},\"primaryImageOfPage\":{\"@id\":\"https:\/\/cfto.it\/2022\/trattamenti-osteopatici\/disabili\/#primaryimage\"},\"datePublished\":\"2021-09-17T09:54:09+00:00\",\"dateModified\":\"2021-12-07T10:30:11+00:00\",\"description\":\"CFTO offre trattamenti osteopatici rivolti a persone affette da disabilit\\u00e0 motoria, permanente o transitoria. Contatta il Centro per maggiori informazioni.\",\"breadcrumb\":{\"@id\":\"https:\/\/cfto.it\/2022\/trattamenti-osteopatici\/disabili\/#breadcrumb\"},\"inLanguage\":\"it-IT\",\"potentialAction\":[{\"@type\":\"ReadAction\",\"target\":[\"https:\/\/cfto.it\/2022\/trattamenti-osteopatici\/disabili\/\"]}]},{\"@type\":\"BreadcrumbList\",\"@id\":\"https:\/\/cfto.it\/2022\/trattamenti-osteopatici\/disabili\/#breadcrumb\",\"itemListElement\":[{\"@type\":\"ListItem\",\"position\":1,\"name\":\"Home\",\"item\":\"http:\/\/cfto.it\/2022\/\"},{\"@type\":\"ListItem\",\"position\":2,\"name\":\"Trattamenti Osteopatici\",\"item\":\"http:\/\/cfto.it\/2022\/trattamenti-osteopatici\/\"},{\"@type\":\"ListItem\",\"position\":3,\"name\":\"Trattamenti osteopatici per disabili\"}]}]}<\/script>\n<!-- \/ Yoast SEO plugin. -->","yoast_head_json":{"title":"Trattamenti osteopatici per disabili - CFTO","description":"CFTO offre trattamenti osteopatici rivolti a persone affette da disabilit\u00e0 motoria, permanente o transitoria. Contatta il Centro per maggiori informazioni.","robots":{"index":"index","follow":"follow","max-snippet":"max-snippet:-1","max-image-preview":"max-image-preview:large","max-video-preview":"max-video-preview:-1"},"canonical":"https:\/\/cfto.it\/2022\/trattamenti-osteopatici\/disabili\/","og_locale":"it_IT","og_type":"article","og_title":"Trattamenti osteopatici per disabili - CFTO","og_description":"CFTO offre trattamenti osteopatici rivolti a persone affette da disabilit\u00e0 motoria, permanente o transitoria. Contatta il Centro per maggiori informazioni.","og_url":"https:\/\/cfto.it\/2022\/trattamenti-osteopatici\/disabili\/","og_site_name":"CFTO","article_modified_time":"2021-12-07T10:30:11+00:00","og_image":[{"url":"http:\/\/cfto.it\/2022\/wp-content\/uploads\/2021\/11\/osteopatia-per-disabili-cfto-1024x384.jpg"}],"twitter_card":"summary_large_image","twitter_misc":{"Tempo di lettura stimato":"2 minuti"},"schema":{"@context":"https:\/\/schema.org","@graph":[{"@type":"Organization","@id":"http:\/\/cfto.it\/2022\/#organization","name":"CFTO - Centro di Formazione e Tirocinio Osteopatico","url":"http:\/\/cfto.it\/2022\/","sameAs":[],"logo":{"@type":"ImageObject","@id":"http:\/\/cfto.it\/2022\/#logo","inLanguage":"it-IT","url":"http:\/\/cfto.it\/2022\/wp-content\/uploads\/2021\/07\/centro-formazione-tirocinio-osteopatico.png","contentUrl":"http:\/\/cfto.it\/2022\/wp-content\/uploads\/2021\/07\/centro-formazione-tirocinio-osteopatico.png","width":676,"height":297,"caption":"CFTO - Centro di Formazione e Tirocinio Osteopatico"},"image":{"@id":"http:\/\/cfto.it\/2022\/#logo"}},{"@type":"WebSite","@id":"http:\/\/cfto.it\/2022\/#website","url":"http:\/\/cfto.it\/2022\/","name":"CFTO","description":"Centro Formativo Tirocinio Osteopatico","publisher":{"@id":"http:\/\/cfto.it\/2022\/#organization"},"potentialAction":[{"@type":"SearchAction","target":{"@type":"EntryPoint","urlTemplate":"http:\/\/cfto.it\/2022\/?s={search_term_string}"},"query-input":"required name=search_term_string"}],"inLanguage":"it-IT"},{"@type":"ImageObject","@id":"https:\/\/cfto.it\/2022\/trattamenti-osteopatici\/disabili\/#primaryimage","inLanguage":"it-IT","url":"http:\/\/cfto.it\/2022\/wp-content\/uploads\/2021\/11\/osteopatia-per-disabili-cfto.jpg","contentUrl":"http:\/\/cfto.it\/2022\/wp-content\/uploads\/2021\/11\/osteopatia-per-disabili-cfto.jpg","width":1335,"height":500},{"@type":"WebPage","@id":"https:\/\/cfto.it\/2022\/trattamenti-osteopatici\/disabili\/#webpage","url":"https:\/\/cfto.it\/2022\/trattamenti-osteopatici\/disabili\/","name":"Trattamenti osteopatici per disabili - CFTO","isPartOf":{"@id":"http:\/\/cfto.it\/2022\/#website"},"primaryImageOfPage":{"@id":"https:\/\/cfto.it\/2022\/trattamenti-osteopatici\/disabili\/#primaryimage"},"datePublished":"2021-09-17T09:54:09+00:00","dateModified":"2021-12-07T10:30:11+00:00","description":"CFTO offre trattamenti osteopatici rivolti a persone affette da disabilit\u00e0 motoria, permanente o transitoria. Contatta il Centro per maggiori informazioni.","breadcrumb":{"@id":"https:\/\/cfto.it\/2022\/trattamenti-osteopatici\/disabili\/#breadcrumb"},"inLanguage":"it-IT","potentialAction":[{"@type":"ReadAction","target":["https:\/\/cfto.it\/2022\/trattamenti-osteopatici\/disabili\/"]}]},{"@type":"BreadcrumbList","@id":"https:\/\/cfto.it\/2022\/trattamenti-osteopatici\/disabili\/#breadcrumb","itemListElement":[{"@type":"ListItem","position":1,"name":"Home","item":"http:\/\/cfto.it\/2022\/"},{"@type":"ListItem","position":2,"name":"Trattamenti Osteopatici","item":"http:\/\/cfto.it\/2022\/trattamenti-osteopatici\/"},{"@type":"ListItem","position":3,"name":"Trattamenti osteopatici per disabili"}]}]}},"_links":{"self":[{"href":"http:\/\/cfto.it\/2022\/wp-json\/wp\/v2\/pages\/1318","targetHints":{"allow":["GET"]}}],"collection":[{"href":"http:\/\/cfto.it\/2022\/wp-json\/wp\/v2\/pages"}],"about":[{"href":"http:\/\/cfto.it\/2022\/wp-json\/wp\/v2\/types\/page"}],"author":[{"embeddable":true,"href":"http:\/\/cfto.it\/2022\/wp-json\/wp\/v2\/users\/1"}],"replies":[{"embeddable":true,"href":"http:\/\/cfto.it\/2022\/wp-json\/wp\/v2\/comments?post=1318"}],"version-history":[{"count":54,"href":"http:\/\/cfto.it\/2022\/wp-json\/wp\/v2\/pages\/1318\/revisions"}],"predecessor-version":[{"id":2495,"href":"http:\/\/cfto.it\/2022\/wp-json\/wp\/v2\/pages\/1318\/revisions\/2495"}],"up":[{"embeddable":true,"href":"http:\/\/cfto.it\/2022\/wp-json\/wp\/v2\/pages\/43"}],"wp:attachment":[{"href":"http:\/\/cfto.it\/2022\/wp-json\/wp\/v2\/media?parent=1318"}],"curies":[{"name":"wp","href":"https:\/\/api.w.org\/{rel}","templated":true}]}}